{"version":"1.0","provider_name":"Mgr. Zuzana Navr\u00e1tilov\u00e1 PhD.","provider_url":"https:\/\/psychologickabratislava.sk","author_name":"jendek","author_url":"https:\/\/psychologickabratislava.sk\/index.php\/author\/jendek\/","title":"Nie \u00faplne dokonal\u00fd - Mgr. Zuzana Navr\u00e1tilov\u00e1 PhD.","type":"rich","width":600,"height":338,"html":"<blockquote class=\"wp-embedded-content\" data-secret=\"kYg28b3Frj\"><a href=\"https:\/\/psychologickabratislava.sk\/index.php\/2016\/03\/30\/nie-uplne-dokonaly\/\">Nie \u00faplne dokonal\u00fd<\/a><\/blockquote><iframe sandbox=\"allow-scripts\" security=\"restricted\" src=\"https:\/\/psychologickabratislava.sk\/index.php\/2016\/03\/30\/nie-uplne-dokonaly\/embed\/#?secret=kYg28b3Frj\" width=\"600\" height=\"338\" title=\"&#8220;Nie \u00faplne dokonal\u00fd&#8221; &#8212; Mgr. Zuzana Navr\u00e1tilov\u00e1 PhD.\" data-secret=\"kYg28b3Frj\" frameborder=\"0\" marginwidth=\"0\" marginheight=\"0\" scrolling=\"no\" class=\"wp-embedded-content\"><\/iframe><script type=\"text\/javascript\">\n\/*! This file is auto-generated *\/\n!function(c,d){\"use strict\";var e=!1,o=!1;if(d.querySelector)if(c.addEventListener)e=!0;if(c.wp=c.wp||{},c.wp.receiveEmbedMessage);else if(c.wp.receiveEmbedMessage=function(e){var t=e.data;if(!t);else if(!(t.secret||t.message||t.value));else if(\/[^a-zA-Z0-9]\/.test(t.secret));else{for(var r,s,a,i=d.querySelectorAll('iframe[data-secret=\"'+t.secret+'\"]'),n=d.querySelectorAll('blockquote[data-secret=\"'+t.secret+'\"]'),o=new RegExp(\"^https?:$\",\"i\"),l=0;l<n.length;l++)n[l].style.display=\"none\";for(l=0;l<i.length;l++)if(r=i[l],e.source!==r.contentWindow);else{if(r.removeAttribute(\"style\"),\"height\"===t.message){if(1e3<(s=parseInt(t.value,10)))s=1e3;else if(~~s<200)s=200;r.height=s}if(\"link\"===t.message)if(s=d.createElement(\"a\"),a=d.createElement(\"a\"),s.href=r.getAttribute(\"src\"),a.href=t.value,!o.test(a.protocol));else if(a.host===s.host)if(d.activeElement===r)c.top.location.href=t.value}}},e)c.addEventListener(\"message\",c.wp.receiveEmbedMessage,!1),d.addEventListener(\"DOMContentLoaded\",t,!1),c.addEventListener(\"load\",t,!1);function t(){if(o);else{o=!0;for(var e,t,r,s=-1!==navigator.appVersion.indexOf(\"MSIE 10\"),a=!!navigator.userAgent.match(\/Trident.*rv:11\\.\/),i=d.querySelectorAll(\"iframe.wp-embedded-content\"),n=0;n<i.length;n++){if(!(r=(t=i[n]).getAttribute(\"data-secret\")))r=Math.random().toString(36).substr(2,10),t.src+=\"#?secret=\"+r,t.setAttribute(\"data-secret\",r);if(s||a)(e=t.cloneNode(!0)).removeAttribute(\"security\"),t.parentNode.replaceChild(e,t);t.contentWindow.postMessage({message:\"ready\",secret:r},\"*\")}}}}(window,document);\n<\/script>\n","thumbnail_url":"https:\/\/psychologickabratislava.sk\/wp-content\/uploads\/2016\/03\/nie-uplne-dokonaly.jpg","thumbnail_width":400,"thumbnail_height":300,"description":"Pros\u00edm o\u00a0radu. M\u00e1m 29 rokov a\u00a0probl\u00e9m rozhodn\u00fa\u0165 sa. T\u00fdka sa to jedn\u00e9ho mu\u017ea. Je o\u00a0trochu star\u0161\u00ed odo m\u0148a. Je chor\u00fd, postihnut\u00fd, tak ako ja, m\u00e1 tu ist\u00fa diagn\u00f3zu. Pozn\u00e1me sa z\u00a0nemocnice. Nie je ve\u013emi pekn\u00fd, ale je ku mne dobr\u00fd. Je n\u00e1m spolu dobre, chce,\u00a0 aby sme boli spolu \u010dastej\u0161ie. M\u00e1me sa aj radi, t\u00fa\u017eime [&hellip;]"}