{"version":"1.0","provider_name":"Mgr. Zuzana Navr\u00e1tilov\u00e1 PhD.","provider_url":"https:\/\/psychologickabratislava.sk","author_name":"jendek","author_url":"https:\/\/psychologickabratislava.sk\/index.php\/author\/jendek\/","title":"Pr\u00e1vo \u00eds\u0165 svojou cestou - Mgr. Zuzana Navr\u00e1tilov\u00e1 PhD.","type":"rich","width":600,"height":338,"html":"<blockquote class=\"wp-embedded-content\" data-secret=\"i6hWM6gEan\"><a href=\"https:\/\/psychologickabratislava.sk\/index.php\/2016\/03\/30\/pravo-ist-svojou-cestou\/\">Pr\u00e1vo \u00eds\u0165 svojou cestou<\/a><\/blockquote><iframe sandbox=\"allow-scripts\" security=\"restricted\" src=\"https:\/\/psychologickabratislava.sk\/index.php\/2016\/03\/30\/pravo-ist-svojou-cestou\/embed\/#?secret=i6hWM6gEan\" width=\"600\" height=\"338\" title=\"&#8220;Pr\u00e1vo \u00eds\u0165 svojou cestou&#8221; &#8212; Mgr. Zuzana Navr\u00e1tilov\u00e1 PhD.\" data-secret=\"i6hWM6gEan\" frameborder=\"0\" marginwidth=\"0\" marginheight=\"0\" scrolling=\"no\" class=\"wp-embedded-content\"><\/iframe><script type=\"text\/javascript\">\n\/*! This file is auto-generated *\/\n!function(c,d){\"use strict\";var e=!1,o=!1;if(d.querySelector)if(c.addEventListener)e=!0;if(c.wp=c.wp||{},c.wp.receiveEmbedMessage);else if(c.wp.receiveEmbedMessage=function(e){var t=e.data;if(!t);else if(!(t.secret||t.message||t.value));else if(\/[^a-zA-Z0-9]\/.test(t.secret));else{for(var r,s,a,i=d.querySelectorAll('iframe[data-secret=\"'+t.secret+'\"]'),n=d.querySelectorAll('blockquote[data-secret=\"'+t.secret+'\"]'),o=new RegExp(\"^https?:$\",\"i\"),l=0;l<n.length;l++)n[l].style.display=\"none\";for(l=0;l<i.length;l++)if(r=i[l],e.source!==r.contentWindow);else{if(r.removeAttribute(\"style\"),\"height\"===t.message){if(1e3<(s=parseInt(t.value,10)))s=1e3;else if(~~s<200)s=200;r.height=s}if(\"link\"===t.message)if(s=d.createElement(\"a\"),a=d.createElement(\"a\"),s.href=r.getAttribute(\"src\"),a.href=t.value,!o.test(a.protocol));else if(a.host===s.host)if(d.activeElement===r)c.top.location.href=t.value}}},e)c.addEventListener(\"message\",c.wp.receiveEmbedMessage,!1),d.addEventListener(\"DOMContentLoaded\",t,!1),c.addEventListener(\"load\",t,!1);function t(){if(o);else{o=!0;for(var e,t,r,s=-1!==navigator.appVersion.indexOf(\"MSIE 10\"),a=!!navigator.userAgent.match(\/Trident.*rv:11\\.\/),i=d.querySelectorAll(\"iframe.wp-embedded-content\"),n=0;n<i.length;n++){if(!(r=(t=i[n]).getAttribute(\"data-secret\")))r=Math.random().toString(36).substr(2,10),t.src+=\"#?secret=\"+r,t.setAttribute(\"data-secret\",r);if(s||a)(e=t.cloneNode(!0)).removeAttribute(\"security\"),t.parentNode.replaceChild(e,t);t.contentWindow.postMessage({message:\"ready\",secret:r},\"*\")}}}}(window,document);\n<\/script>\n","thumbnail_url":"https:\/\/psychologickabratislava.sk\/wp-content\/uploads\/2016\/03\/svojou-cestou.jpg","thumbnail_width":400,"thumbnail_height":300,"description":"Dobr\u00fd de\u0148, chcem v\u00e1s poprosi\u0165 o\u00a0radu. Na\u0161a rodina je u\u017e nieko\u013eko gener\u00e1ci\u00ed n\u00e1bo\u017eensky zalo\u017een\u00e1, chod\u00edme pravidelne do kostola, dr\u017e\u00edme p\u00f4st, sv\u00e4t\u00edme v\u0161etky sviatky a\u00a0podobne. N\u00e1\u0161 najstar\u0161\u00ed syn sa v\u0161ak vybral \u00faplne in\u00fdm smerom a\u00a0vyvrcholilo to t\u00fdm, \u017ee sa odmietol \u017eeni\u0165 v\u00a0kostole. Je to pre zavrhnutie v\u0161etk\u00e9ho tradi\u010dn\u00e9ho a\u00a0dobr\u00e9ho v\u00a0na\u0161ej rodine a\u00a0na svadbu som preto ne\u0161la. [&hellip;]"}