{"id":7,"date":"2016-02-23T20:21:45","date_gmt":"2016-02-23T20:21:45","guid":{"rendered":"http:\/\/www.bratislavapsycholog.sk\/?page_id=7"},"modified":"2022-03-03T14:59:37","modified_gmt":"2022-03-03T13:59:37","slug":"o-mne","status":"publish","type":"page","link":"https:\/\/psychologickabratislava.sk\/","title":{"rendered":"Som klinick\u00e1 psychologi\u010dka a\u00a0psychoterapeutka"},"content":{"rendered":"<p><span style=\"font-weight: 400;\">Vy\u0161tudovala som jedno-odborov\u00fa psychol\u00f3giu na Filozofickej fakulte UK v\u00a0Bratislave. U\u017e po\u010das \u0161t\u00fadia na V\u0160 som sa venovala v\u00fdskumu psychoterapeutick\u00fdch intervenci\u00ed v\u00a0Katat\u00fdmne imaginat\u00edvnej psychoterapii. Po skon\u010den\u00ed \u0161t\u00fadia v\u00a0roku 2007 som vst\u00fapila do nieko\u013ekoro\u010dn\u00e9ho psychoterapeutick\u00e9ho v\u00fdcviku v\u00a0Katat\u00fdmne imaginat\u00edvnej psychoterapii, po\u010das ktor\u00e9ho som absolvovala viac ako 1600 hod\u00edn akreditovan\u00e9ho psychoterapeutick\u00e9ho vzdel\u00e1vania. V\u00fdcvik som \u00faspe\u0161ne ukon\u010dila sk\u00fa\u0161kou pred komisiou Slovenskej psychoterapeutickej spolo\u010dnosti, \u010d\u00edm som bola zap\u00edsan\u00e1 do\u00a0<\/span><a href=\"http:\/\/www.psychoterapia-sk.sk\/1041-sk\/navratilova\/\"><span style=\"font-weight: 400;\">Zoznamu psychoterapeutov SR<\/span><\/a><span style=\"font-weight: 400;\">.\u00a0<\/span><\/p>\n<p><span style=\"font-weight: 400;\">\u010ealej som pokra\u010dovala doktorandsk\u00fdm \u0161t\u00fadiom Soci\u00e1lnej a\u00a0pracovnej psychol\u00f3gie na \u00dastave aplikovanej psychol\u00f3gie FSES UK a\u00a0z\u00edskala som tak doktor\u00e1t v\u00a0odbore psychol\u00f3gia.\u00a0<\/span><\/p>\n<p><span style=\"font-weight: 400;\">Od roku 2009 pracujem v\u00a0zdravotn\u00edctve ako klinick\u00fd psychol\u00f3g. V roku 2014 som vst\u00fapila do \u0161pecializa\u010dn\u00e9ho \u0161t\u00fadia\u00a0klinickej psychol\u00f3gie. \u0160pecializa\u010dn\u00fa sk\u00fa\u0161ku z\u00a0klinickej psychol\u00f3gie so \u00faspe\u0161ne absolvovala v\u00a0r. 2021.\u00a0<\/span><\/p>\n<p><span style=\"font-weight: 400;\">P\u00f4sob\u00edm ako <\/span><span style=\"font-weight: 400;\">klinick\u00fd psychol\u00f3g <\/span><span style=\"font-weight: 400;\">a pom\u00e1ham matk\u00e1m (rodi\u010dom) na<\/span> <span style=\"font-weight: 400;\">Novorodeneckej klinike M. Rusn\u00e1ka SZU a UNB a ako konzili\u00e1r na I.Gynekologicko-p\u00f4rodn\u00edckej klinike<\/span> <span style=\"font-weight: 400;\">LFUK a UNB, v nemocnici Sv. Cyrila a Metoda UNB Bratislava.\u00a0\u00a0<\/span><\/p>\n<p><span style=\"font-weight: 400;\">V\u00fdskumne, publika\u010dne aj predn\u00e1\u0161kovo sa roky venujem t\u00e9me pr\u00edtomnosti sexu\u00e1lnych dysfunkci\u00ed a\u00a0sympt\u00f3mov \u00fazkosti a\u00a0depresie u\u00a0p\u00e1rov, ktor\u00e9 absolvuj\u00fa lie\u010dbu neplodnosti. Spolupracujem v\u00fdskumne s\u00a0Univerzitn\u00fdm centrom reproduk\u010dnej medic\u00edny v\u00a0Nemocnici Sv. Cyrila a Metoda UNB, kde p\u00e1rom poskytujem aj psycho-sexuologick\u00e9 poradenstvo.<\/span><\/p>\n<p><span style=\"font-weight: 400;\">Som \u010dlenkou Slovenskej psychoterapeutickej spolo\u010dnosti, Slovenskej lek\u00e1rskej spolo\u010dnosti, Slovenskej sexuologickej spolo\u010dnosti, Slovenskej spolo\u010dnosti pre Katat\u00fdmne imaginat\u00edvnu psychoterapiu, som registrovan\u00e1 v\u00a0Slovenskej komore psychol\u00f3gov.<\/span><\/p>\n<p><span style=\"font-weight: 400;\">Poskytujem tieto slu\u017eby:\u00a0<\/span><\/p>\n<ul>\n<li><a href=\"http:\/\/psychologickabratislava.sk\/index.php\/psychologicka-pomoc-a-poradenstvo\/\">Psychologick\u00e9 poradenstvo a psychoterapia<\/a><\/li>\n<li><a href=\"http:\/\/psychologickabratislava.sk\/index.php\/psycho-sexuologicke-poradenstvo\/\">Psycho &#8211; sexuologick\u00e9 poradenstvo<\/a><\/li>\n<\/ul>\n","protected":false},"excerpt":{"rendered":"<p>Vy\u0161tudovala som jedno-odborov\u00fa psychol\u00f3giu na Filozofickej fakulte UK v\u00a0Bratislave. U\u017e po\u010das \u0161t\u00fadia na V\u0160 som sa venovala v\u00fdskumu psychoterapeutick\u00fdch intervenci\u00ed v\u00a0Katat\u00fdmne imaginat\u00edvnej psychoterapii. Po skon\u010den\u00ed \u0161t\u00fadia v\u00a0roku 2007 som vst\u00fapila do nieko\u013ekoro\u010dn\u00e9ho psychoterapeutick\u00e9ho v\u00fdcviku v\u00a0Katat\u00fdmne imaginat\u00edvnej psychoterapii, po\u010das ktor\u00e9ho som absolvovala viac ako 1600 hod\u00edn akreditovan\u00e9ho psychoterapeutick\u00e9ho vzdel\u00e1vania. V\u00fdcvik som \u00faspe\u0161ne ukon\u010dila sk\u00fa\u0161kou pred komisiou [&hellip;]<\/p>\n","protected":false},"author":1,"featured_media":0,"parent":0,"menu_order":0,"comment_status":"closed","ping_status":"closed","template":"","meta":{"_monsterinsights_skip_tracking":false,"_monsterinsights_sitenote_active":false,"_monsterinsights_sitenote_note":"","_monsterinsights_sitenote_category":0,"footnotes":""},"categories":[],"tags":[5,4],"yoast_head":"<!-- This site is optimized with the Yoast SEO plugin v21.2 - https:\/\/yoast.com\/wordpress\/plugins\/seo\/ -->\n<title>Psychol\u00f3g s odbornou praxou v Bratislave<\/title>\n<meta name=\"description\" content=\"Poskytujem odborn\u00e9 psychologick\u00e9 a kari\u00e9rne poradenstvo. Som psychol\u00f3g s odbornou praxou v Bratislave. Ak m\u00e1te z\u00e1ujem o konzult\u00e1ciu, som k dispoz\u00edci\u00ed.\" \/>\n<meta name=\"robots\" content=\"index, follow, max-snippet:-1, max-image-preview:large, max-video-preview:-1\" \/>\n<link rel=\"canonical\" href=\"https:\/\/psychologickabratislava.sk\/\" \/>\n<meta property=\"og:locale\" content=\"sk_SK\" \/>\n<meta property=\"og:type\" content=\"article\" \/>\n<meta property=\"og:title\" content=\"Psychol\u00f3g s odbornou praxou v Bratislave\" \/>\n<meta property=\"og:description\" content=\"Poskytujem odborn\u00e9 psychologick\u00e9 a kari\u00e9rne poradenstvo. Som psychol\u00f3g s odbornou praxou v Bratislave. Ak m\u00e1te z\u00e1ujem o konzult\u00e1ciu, som k dispoz\u00edci\u00ed.\" \/>\n<meta property=\"og:url\" content=\"https:\/\/psychologickabratislava.sk\/\" \/>\n<meta property=\"og:site_name\" content=\"Mgr. Zuzana Navr\u00e1tilov\u00e1 PhD.\" \/>\n<meta property=\"article:modified_time\" content=\"2022-03-03T13:59:37+00:00\" \/>\n<meta name=\"twitter:card\" content=\"summary_large_image\" \/>\n<meta name=\"twitter:label1\" content=\"Predpokladan\u00fd \u010das \u010d\u00edtania\" \/>\n\t<meta name=\"twitter:data1\" content=\"2 min\u00faty\" \/>\n<script type=\"application\/ld+json\" class=\"yoast-schema-graph\">{\"@context\":\"https:\/\/schema.org\",\"@graph\":[{\"@type\":\"WebPage\",\"@id\":\"https:\/\/psychologickabratislava.sk\/\",\"url\":\"https:\/\/psychologickabratislava.sk\/\",\"name\":\"Psychol\u00f3g s odbornou praxou v Bratislave\",\"isPartOf\":{\"@id\":\"https:\/\/psychologickabratislava.sk\/#website\"},\"datePublished\":\"2016-02-23T20:21:45+00:00\",\"dateModified\":\"2022-03-03T13:59:37+00:00\",\"description\":\"Poskytujem odborn\u00e9 psychologick\u00e9 a kari\u00e9rne poradenstvo. Som psychol\u00f3g s odbornou praxou v Bratislave. Ak m\u00e1te z\u00e1ujem o konzult\u00e1ciu, som k dispoz\u00edci\u00ed.\",\"breadcrumb\":{\"@id\":\"https:\/\/psychologickabratislava.sk\/#breadcrumb\"},\"inLanguage\":\"sk-SK\",\"potentialAction\":[{\"@type\":\"ReadAction\",\"target\":[\"https:\/\/psychologickabratislava.sk\/\"]}]},{\"@type\":\"BreadcrumbList\",\"@id\":\"https:\/\/psychologickabratislava.sk\/#breadcrumb\",\"itemListElement\":[{\"@type\":\"ListItem\",\"position\":1,\"name\":\"Home\",\"item\":\"https:\/\/psychologickabratislava.sk\/\"},{\"@type\":\"ListItem\",\"position\":2,\"name\":\"Som klinick\u00e1 psychologi\u010dka a\u00a0psychoterapeutka\"}]},{\"@type\":\"WebSite\",\"@id\":\"https:\/\/psychologickabratislava.sk\/#website\",\"url\":\"https:\/\/psychologickabratislava.sk\/\",\"name\":\"Mgr. Zuzana Navr\u00e1tilov\u00e1 PhD.\",\"description\":\"Psychol\u00f3g, Psychoterapeut Slovenskej psychoterapeutickej spolo\u010dnosti\",\"potentialAction\":[{\"@type\":\"SearchAction\",\"target\":{\"@type\":\"EntryPoint\",\"urlTemplate\":\"https:\/\/psychologickabratislava.sk\/?s={search_term_string}\"},\"query-input\":\"required name=search_term_string\"}],\"inLanguage\":\"sk-SK\"}]}<\/script>\n<!-- \/ Yoast SEO plugin. -->","yoast_head_json":{"title":"Psychol\u00f3g s odbornou praxou v Bratislave","description":"Poskytujem odborn\u00e9 psychologick\u00e9 a kari\u00e9rne poradenstvo. Som psychol\u00f3g s odbornou praxou v Bratislave. Ak m\u00e1te z\u00e1ujem o konzult\u00e1ciu, som k dispoz\u00edci\u00ed.","robots":{"index":"index","follow":"follow","max-snippet":"max-snippet:-1","max-image-preview":"max-image-preview:large","max-video-preview":"max-video-preview:-1"},"canonical":"https:\/\/psychologickabratislava.sk\/","og_locale":"sk_SK","og_type":"article","og_title":"Psychol\u00f3g s odbornou praxou v Bratislave","og_description":"Poskytujem odborn\u00e9 psychologick\u00e9 a kari\u00e9rne poradenstvo. Som psychol\u00f3g s odbornou praxou v Bratislave. Ak m\u00e1te z\u00e1ujem o konzult\u00e1ciu, som k dispoz\u00edci\u00ed.","og_url":"https:\/\/psychologickabratislava.sk\/","og_site_name":"Mgr. Zuzana Navr\u00e1tilov\u00e1 PhD.","article_modified_time":"2022-03-03T13:59:37+00:00","twitter_card":"summary_large_image","twitter_misc":{"Predpokladan\u00fd \u010das \u010d\u00edtania":"2 min\u00faty"},"schema":{"@context":"https:\/\/schema.org","@graph":[{"@type":"WebPage","@id":"https:\/\/psychologickabratislava.sk\/","url":"https:\/\/psychologickabratislava.sk\/","name":"Psychol\u00f3g s odbornou praxou v Bratislave","isPartOf":{"@id":"https:\/\/psychologickabratislava.sk\/#website"},"datePublished":"2016-02-23T20:21:45+00:00","dateModified":"2022-03-03T13:59:37+00:00","description":"Poskytujem odborn\u00e9 psychologick\u00e9 a kari\u00e9rne poradenstvo. Som psychol\u00f3g s odbornou praxou v Bratislave. Ak m\u00e1te z\u00e1ujem o konzult\u00e1ciu, som k dispoz\u00edci\u00ed.","breadcrumb":{"@id":"https:\/\/psychologickabratislava.sk\/#breadcrumb"},"inLanguage":"sk-SK","potentialAction":[{"@type":"ReadAction","target":["https:\/\/psychologickabratislava.sk\/"]}]},{"@type":"BreadcrumbList","@id":"https:\/\/psychologickabratislava.sk\/#breadcrumb","itemListElement":[{"@type":"ListItem","position":1,"name":"Home","item":"https:\/\/psychologickabratislava.sk\/"},{"@type":"ListItem","position":2,"name":"Som klinick\u00e1 psychologi\u010dka a\u00a0psychoterapeutka"}]},{"@type":"WebSite","@id":"https:\/\/psychologickabratislava.sk\/#website","url":"https:\/\/psychologickabratislava.sk\/","name":"Mgr. Zuzana Navr\u00e1tilov\u00e1 PhD.","description":"Psychol\u00f3g, Psychoterapeut Slovenskej psychoterapeutickej spolo\u010dnosti","potentialAction":[{"@type":"SearchAction","target":{"@type":"EntryPoint","urlTemplate":"https:\/\/psychologickabratislava.sk\/?s={search_term_string}"},"query-input":"required name=search_term_string"}],"inLanguage":"sk-SK"}]}},"_links":{"self":[{"href":"https:\/\/psychologickabratislava.sk\/index.php\/wp-json\/wp\/v2\/pages\/7"}],"collection":[{"href":"https:\/\/psychologickabratislava.sk\/index.php\/wp-json\/wp\/v2\/pages"}],"about":[{"href":"https:\/\/psychologickabratislava.sk\/index.php\/wp-json\/wp\/v2\/types\/page"}],"author":[{"embeddable":true,"href":"https:\/\/psychologickabratislava.sk\/index.php\/wp-json\/wp\/v2\/users\/1"}],"replies":[{"embeddable":true,"href":"https:\/\/psychologickabratislava.sk\/index.php\/wp-json\/wp\/v2\/comments?post=7"}],"version-history":[{"count":29,"href":"https:\/\/psychologickabratislava.sk\/index.php\/wp-json\/wp\/v2\/pages\/7\/revisions"}],"predecessor-version":[{"id":199,"href":"https:\/\/psychologickabratislava.sk\/index.php\/wp-json\/wp\/v2\/pages\/7\/revisions\/199"}],"wp:attachment":[{"href":"https:\/\/psychologickabratislava.sk\/index.php\/wp-json\/wp\/v2\/media?parent=7"}],"wp:term":[{"taxonomy":"category","embeddable":true,"href":"https:\/\/psychologickabratislava.sk\/index.php\/wp-json\/wp\/v2\/categories?post=7"},{"taxonomy":"post_tag","embeddable":true,"href":"https:\/\/psychologickabratislava.sk\/index.php\/wp-json\/wp\/v2\/tags?post=7"}],"curies":[{"name":"wp","href":"https:\/\/api.w.org\/{rel}","templated":true}]}}